{"id":31,"date":"2024-01-17T14:38:11","date_gmt":"2024-01-17T13:38:11","guid":{"rendered":"https:\/\/www.maelle-dieteticienne.fr\/?page_id=31"},"modified":"2025-03-03T11:57:30","modified_gmt":"2025-03-03T10:57:30","slug":"maelle-dieteticienne","status":"publish","type":"page","link":"https:\/\/www.maelle-dieteticienne.fr\/","title":{"rendered":"Amandine Matz &#8211; di\u00e9t\u00e9ticienne-nutritionniste"},"content":{"rendered":"\t\t<div data-elementor-type=\"wp-page\" data-elementor-id=\"31\" class=\"elementor elementor-31\" data-elementor-post-type=\"page\">\n\t\t\t\t<div class=\"elementor-element elementor-element-773b26b e-flex e-con-boxed e-con e-parent\" data-id=\"773b26b\" data-element_type=\"container\">\n\t\t\t\t\t<div class=\"e-con-inner\">\n\t\t<div class=\"elementor-element elementor-element-396d7d1 e-con-full e-flex e-con e-child\" data-id=\"396d7d1\" data-element_type=\"container\">\n\t\t\t\t<div class=\"elementor-element elementor-element-811a3f1 elementor-widget elementor-widget-image\" data-id=\"811a3f1\" data-element_type=\"widget\" data-widget_type=\"image.default\">\n\t\t\t\t<div class=\"elementor-widget-container\">\n\t\t\t\t\t\t\t\t\t\t\t\t\t\t\t<img fetchpriority=\"high\" decoding=\"async\" width=\"800\" height=\"647\" src=\"https:\/\/www.maelle-dieteticienne.fr\/wp-content\/uploads\/2025\/01\/20241217_1106382-1024x828.jpg\" class=\"attachment-large size-large wp-image-14636\" alt=\"\" srcset=\"https:\/\/www.maelle-dieteticienne.fr\/wp-content\/uploads\/2025\/01\/20241217_1106382-1024x828.jpg 1024w, https:\/\/www.maelle-dieteticienne.fr\/wp-content\/uploads\/2025\/01\/20241217_1106382-300x243.jpg 300w, https:\/\/www.maelle-dieteticienne.fr\/wp-content\/uploads\/2025\/01\/20241217_1106382-768x621.jpg 768w, https:\/\/www.maelle-dieteticienne.fr\/wp-content\/uploads\/2025\/01\/20241217_1106382-1536x1243.jpg 1536w, https:\/\/www.maelle-dieteticienne.fr\/wp-content\/uploads\/2025\/01\/20241217_1106382-2048x1657.jpg 2048w\" sizes=\"(max-width: 800px) 100vw, 800px\" \/>\t\t\t\t\t\t\t\t\t\t\t\t\t\t\t<\/div>\n\t\t\t\t<\/div>\n\t\t\t\t<\/div>\n\t\t<div class=\"elementor-element elementor-element-57c1c46 e-con-full e-flex e-con e-child\" data-id=\"57c1c46\" data-element_type=\"container\">\n\t\t\t\t<div class=\"elementor-element elementor-element-d54d407 elementor-widget elementor-widget-text-editor\" data-id=\"d54d407\" data-element_type=\"widget\" data-widget_type=\"text-editor.default\">\n\t\t\t\t<div class=\"elementor-widget-container\">\n\t\t\t\t\t\t\t\t\t<p class=\"cvGsUA direction-ltr align-justify para-style-body\"><span class=\"OYPEnA font-feature-liga-off font-feature-clig-off font-feature-calt-off text-decoration-none text-strikethrough-none\">Bienvenue, je suis <\/span><strong><span class=\"OYPEnA font-feature-liga-off font-feature-clig-off font-feature-calt-off text-decoration-none text-strikethrough-none\">Amandine MATZ<\/span><\/strong><span class=\"OYPEnA font-feature-liga-off font-feature-clig-off font-feature-calt-off text-decoration-none text-strikethrough-none\">, di\u00e9t\u00e9ticienne depuis <\/span><strong><span class=\"OYPEnA font-feature-liga-off font-feature-clig-off font-feature-calt-off text-decoration-none text-strikethrough-none\">2019<\/span><\/strong><span class=\"OYPEnA font-feature-liga-off font-feature-clig-off font-feature-calt-off text-decoration-none text-strikethrough-none\">, install\u00e9e en lib\u00e9ral \u00e0 <\/span><strong><span class=\"OYPEnA font-feature-liga-off font-feature-clig-off font-feature-calt-off text-decoration-none text-strikethrough-none\">C\u00e9bazat<\/span><\/strong><span class=\"OYPEnA font-feature-liga-off font-feature-clig-off font-feature-calt-off text-decoration-none text-strikethrough-none\"> (63), situ\u00e9 entre Clermont-Ferrand et Riom.<\/span><\/p><p class=\"cvGsUA direction-ltr align-justify para-style-body\"><span class=\"OYPEnA font-feature-liga-off font-feature-clig-off font-feature-calt-off text-decoration-none text-strikethrough-none\">Je vous propose une approche <\/span><strong><span class=\"OYPEnA font-feature-liga-off font-feature-clig-off font-feature-calt-off text-decoration-none text-strikethrough-none\">bienveillante<\/span><\/strong><span class=\"OYPEnA font-feature-liga-off font-feature-clig-off font-feature-calt-off text-decoration-none text-strikethrough-none\">, en travaillant sur l&rsquo;<\/span><strong><span class=\"OYPEnA font-feature-liga-off font-feature-clig-off font-feature-calt-off text-decoration-none text-strikethrough-none\">alimentation et l&rsquo;hygi\u00e8ne de vie<\/span><\/strong><span class=\"OYPEnA font-feature-liga-off font-feature-clig-off font-feature-calt-off text-decoration-none text-strikethrough-none\">.<\/span><\/p><p class=\"cvGsUA direction-ltr align-justify para-style-body\"><span class=\"OYPEnA font-feature-liga-off font-feature-clig-off font-feature-calt-off text-decoration-underline text-strikethrough-none\">Mon but :<\/span><span class=\"OYPEnA font-feature-liga-off font-feature-clig-off font-feature-calt-off text-strikethrough-none text-decoration-none\"> Vous accompagner vers vos objectifs, en <\/span><span class=\"OYPEnA font-feature-liga-off font-feature-clig-off font-feature-calt-off text-strikethrough-none text-decoration-none\">respectant vos<strong> besoins individuels<\/strong><\/span><span class=\"OYPEnA font-feature-liga-off font-feature-clig-off font-feature-calt-off text-strikethrough-none text-decoration-none\">.<\/span><\/p><p class=\"cvGsUA direction-ltr align-justify para-style-body\"><span class=\"OYPEnA font-feature-liga-off font-feature-clig-off font-feature-calt-off text-decoration-none text-strikethrough-none\">Mes exp\u00e9riences en <\/span><span class=\"OYPEnA font-feature-liga-off font-feature-clig-off font-feature-calt-off text-decoration-none text-strikethrough-none\">milieu<\/span> <strong><span class=\"OYPEnA font-feature-liga-off font-feature-clig-off font-feature-calt-off text-decoration-none text-strikethrough-none\">hospitalier <\/span><\/strong><span class=\"OYPEnA font-feature-liga-off font-feature-clig-off font-feature-calt-off text-decoration-none text-strikethrough-none\">et en <\/span><span class=\"OYPEnA font-feature-liga-off font-feature-clig-off font-feature-calt-off text-decoration-none text-strikethrough-none\"><strong>restauration<\/strong> <strong>collective<\/strong><\/span><span class=\"OYPEnA font-feature-liga-off font-feature-clig-off font-feature-calt-off text-decoration-none text-strikethrough-none\"> me conf\u00e8rent une <\/span><strong><span class=\"OYPEnA font-feature-liga-off font-feature-clig-off font-feature-calt-off text-decoration-none text-strikethrough-none\">polyvalence<\/span><\/strong><span class=\"OYPEnA font-feature-liga-off font-feature-clig-off font-feature-calt-off text-decoration-none text-strikethrough-none\"> et une <\/span><span class=\"OYPEnA font-feature-liga-off font-feature-clig-off font-feature-calt-off text-decoration-none text-strikethrough-none\">vision <strong>versatile<\/strong><\/span><span class=\"OYPEnA font-feature-liga-off font-feature-clig-off font-feature-calt-off text-decoration-none text-strikethrough-none\"> de la di\u00e9t\u00e9tique, avec une d\u00e9marche <\/span><strong><span class=\"OYPEnA font-feature-liga-off font-feature-clig-off font-feature-calt-off text-decoration-none text-strikethrough-none\">professionnelle <\/span><\/strong><span class=\"OYPEnA font-feature-liga-off font-feature-clig-off font-feature-calt-off text-decoration-none text-strikethrough-none\">du fait de ma <\/span><span class=\"OYPEnA font-feature-liga-off font-feature-clig-off font-feature-calt-off text-decoration-none text-strikethrough-none\">pratique aupr\u00e8s de plusieurs pathologies<\/span><span class=\"OYPEnA font-feature-liga-off font-feature-clig-off font-feature-calt-off text-decoration-none text-strikethrough-none\">.<\/span><\/p><p>Au plaisir de vous rencontrer au cabinet. <em>Amandine MATZ<\/em><\/p>\t\t\t\t\t\t\t\t<\/div>\n\t\t\t\t<\/div>\n\t\t\t\t<\/div>\n\t\t\t\t\t<\/div>\n\t\t\t\t<\/div>\n\t\t<div class=\"elementor-element elementor-element-f17ae42 e-flex e-con-boxed e-con e-parent\" data-id=\"f17ae42\" data-element_type=\"container\">\n\t\t\t\t\t<div class=\"e-con-inner\">\n\t\t<div class=\"elementor-element elementor-element-b3786f6 e-con-full e-flex e-con e-child\" data-id=\"b3786f6\" data-element_type=\"container\">\n\t\t\t\t<div class=\"elementor-element elementor-element-85fbe34 elementor-align-center elementor-widget elementor-widget-button\" data-id=\"85fbe34\" data-element_type=\"widget\" data-widget_type=\"button.default\">\n\t\t\t\t<div class=\"elementor-widget-container\">\n\t\t\t\t\t\t\t\t\t<div class=\"elementor-button-wrapper\">\n\t\t\t\t\t<a class=\"elementor-button elementor-button-link elementor-size-xl\" href=\"https:\/\/www.doctolib.fr\/dieteticien\/cebazat\/amandine-matz\">\n\t\t\t\t\t\t<span class=\"elementor-button-content-wrapper\">\n\t\t\t\t\t\t\t\t\t<span class=\"elementor-button-text\">Mes prestations  <\/span>\n\t\t\t\t\t<\/span>\n\t\t\t\t\t<\/a>\n\t\t\t\t<\/div>\n\t\t\t\t\t\t\t\t<\/div>\n\t\t\t\t<\/div>\n\t\t\t\t<\/div>\n\t\t<div class=\"elementor-element elementor-element-ce78e8d e-con-full e-flex e-con e-child\" data-id=\"ce78e8d\" data-element_type=\"container\">\n\t\t\t\t<div class=\"elementor-element elementor-element-17fa73c elementor-align-center elementor-widget elementor-widget-button\" data-id=\"17fa73c\" data-element_type=\"widget\" data-widget_type=\"button.default\">\n\t\t\t\t<div class=\"elementor-widget-container\">\n\t\t\t\t\t\t\t\t\t<div class=\"elementor-button-wrapper\">\n\t\t\t\t\t<a class=\"elementor-button elementor-button-link elementor-size-xl\" href=\"https:\/\/www.doctolib.fr\/dieteticien\/cebazat\/amandine-matz\">\n\t\t\t\t\t\t<span class=\"elementor-button-content-wrapper\">\n\t\t\t\t\t\t\t\t\t<span class=\"elementor-button-text\">Prendre rendez-vous <span class=\"OYPEnA font-feature-liga-off font-feature-clig-off font-feature-calt-off text-decoration-none text-strikethrough-none\" style=\"color: rgb(0, 0, 0); font-weight: 400; font-style: normal; font-kerning: none;\">\ud83d\udcc5<\/span><\/span>\n\t\t\t\t\t<\/span>\n\t\t\t\t\t<\/a>\n\t\t\t\t<\/div>\n\t\t\t\t\t\t\t\t<\/div>\n\t\t\t\t<\/div>\n\t\t\t\t<\/div>\n\t\t\t\t\t<\/div>\n\t\t\t\t<\/div>\n\t\t<div class=\"elementor-element elementor-element-b6945f4 e-flex e-con-boxed e-con e-parent\" data-id=\"b6945f4\" data-element_type=\"container\">\n\t\t\t\t\t<div class=\"e-con-inner\">\n\t\t\t\t<div class=\"elementor-element elementor-element-8a5bff6 elementor-widget__width-initial elementor-widget elementor-widget-text-editor\" data-id=\"8a5bff6\" data-element_type=\"widget\" data-widget_type=\"text-editor.default\">\n\t\t\t\t<div class=\"elementor-widget-container\">\n\t\t\t\t\t\t\t\t\t<p><span style=\"color: #000000;\"><a style=\"color: #000000;\" href=\"https:\/\/www.doctolib.fr\/dieteticien\/cebazat\/amandine-matz\">Consultation au cabinet <span class=\"OYPEnA font-feature-liga-off font-feature-clig-off font-feature-calt-off text-decoration-none text-strikethrough-none\">\ud83c\udfe5<\/span><\/a><\/span><span style=\"color: #000000;\"><a style=\"color: #000000;\" href=\"https:\/\/www.doctolib.fr\/dieteticien\/cebazat\/amandine-matz\">\u2022 T\u00e9l\u00e9consultation (voir modalit\u00e9s) <\/a><a href=\"https:\/\/www.doctolib.fr\/dieteticien\/cebazat\/amandine-matz\"><span class=\"OYPEnA font-feature-liga-off font-feature-clig-off font-feature-calt-off text-decoration-none text-strikethrough-none\">\ud83d\udcbb<\/span><\/a><\/span><span style=\"color: #000000;\"><a style=\"color: #000000;\" href=\"https:\/\/www.doctolib.fr\/dieteticien\/cebazat\/amandine-matz\">\u2022<\/a> Consultation \u00e0 domicile sur demande <a href=\"https:\/\/www.doctolib.fr\/dieteticien\/cebazat\/amandine-matz\"><span class=\"OYPEnA font-feature-liga-off font-feature-clig-off font-feature-calt-off text-decoration-none text-strikethrough-none\">\ud83c\udfe0<\/span><\/a><br \/><\/span><\/p>\t\t\t\t\t\t\t\t<\/div>\n\t\t\t\t<\/div>\n\t\t\t\t\t<\/div>\n\t\t\t\t<\/div>\n\t\t<div class=\"elementor-element elementor-element-0bf447b e-flex e-con-boxed e-con e-parent\" data-id=\"0bf447b\" data-element_type=\"container\" data-settings=\"{&quot;background_background&quot;:&quot;classic&quot;}\">\n\t\t\t\t\t<div class=\"e-con-inner\">\n\t\t\t\t<div class=\"elementor-element elementor-element-574c667 elementor-widget elementor-widget-heading\" data-id=\"574c667\" data-element_type=\"widget\" data-widget_type=\"heading.default\">\n\t\t\t\t<div class=\"elementor-widget-container\">\n\t\t\t\t\t<h2 class=\"elementor-heading-title elementor-size-default\">Pourquoi me consulter ? <\/h2>\t\t\t\t<\/div>\n\t\t\t\t<\/div>\n\t\t\t\t\t<\/div>\n\t\t\t\t<\/div>\n\t\t<div class=\"elementor-element elementor-element-2bf588b e-flex e-con-boxed e-con e-parent\" data-id=\"2bf588b\" data-element_type=\"container\" data-settings=\"{&quot;background_background&quot;:&quot;classic&quot;}\">\n\t\t\t\t\t<div class=\"e-con-inner\">\n\t\t\t\t<div class=\"elementor-element elementor-element-7aedd5d elementor-widget elementor-widget-text-editor\" data-id=\"7aedd5d\" data-element_type=\"widget\" data-widget_type=\"text-editor.default\">\n\t\t\t\t<div class=\"elementor-widget-container\">\n\t\t\t\t\t\t\t\t\t<p>De <strong>votre initiative<\/strong> ou sur conseil de <strong>votre m\u00e9decin<\/strong><\/p>\t\t\t\t\t\t\t\t<\/div>\n\t\t\t\t<\/div>\n\t\t\t\t\t<\/div>\n\t\t\t\t<\/div>\n\t\t<div class=\"elementor-element elementor-element-4b90b55 e-flex e-con-boxed e-con e-parent\" data-id=\"4b90b55\" data-element_type=\"container\">\n\t\t\t\t\t<div class=\"e-con-inner\">\n\t\t<div class=\"elementor-element elementor-element-05c01f7 e-con-full e-flex e-con e-child\" data-id=\"05c01f7\" data-element_type=\"container\">\n\t\t\t\t<div class=\"elementor-element elementor-element-9bd02fc elementor-widget elementor-widget-text-editor\" data-id=\"9bd02fc\" data-element_type=\"widget\" data-widget_type=\"text-editor.default\">\n\t\t\t\t<div class=\"elementor-widget-container\">\n\t\t\t\t\t\t\t\t\t<p>Alimentation et sant\u00e9<\/p>\t\t\t\t\t\t\t\t<\/div>\n\t\t\t\t<\/div>\n\t\t\t\t<div class=\"elementor-element elementor-element-bba81ab elementor-widget__width-initial elementor-widget elementor-widget-image\" data-id=\"bba81ab\" data-element_type=\"widget\" data-widget_type=\"image.default\">\n\t\t\t\t<div class=\"elementor-widget-container\">\n\t\t\t\t\t\t\t\t\t\t\t\t\t\t\t<img decoding=\"async\" width=\"150\" height=\"150\" src=\"https:\/\/www.maelle-dieteticienne.fr\/wp-content\/uploads\/2025\/02\/balanced-diet-150x150.png\" class=\"attachment-thumbnail size-thumbnail wp-image-14711\" alt=\"\" \/>\t\t\t\t\t\t\t\t\t\t\t\t\t\t\t<\/div>\n\t\t\t\t<\/div>\n\t\t\t\t<div class=\"elementor-element elementor-element-e4eda1a elementor-widget elementor-widget-text-editor\" data-id=\"e4eda1a\" data-element_type=\"widget\" data-widget_type=\"text-editor.default\">\n\t\t\t\t<div class=\"elementor-widget-container\">\n\t\t\t\t\t\t\t\t\t<p>De <strong>votre initiative <\/strong>ou sur conseil de votre <strong>m\u00e9decin<\/strong>. Pour plusieurs motifs :<\/p><ul><li><strong>R\u00e9\u00e9quilibrage<\/strong> alimentaire<\/li><li>Alimentation et <strong>\u00e9motions<\/strong><\/li><li><strong>Organisation<\/strong> des repas<\/li><li><strong>Pathologie chronique<\/strong> (diab\u00e8te, hypertension, chol\u00e9st\u00e9rol&#8230;)<\/li><\/ul>\t\t\t\t\t\t\t\t<\/div>\n\t\t\t\t<\/div>\n\t\t\t\t<\/div>\n\t\t<div class=\"elementor-element elementor-element-0d7f4bc e-con-full e-flex e-con e-child\" data-id=\"0d7f4bc\" data-element_type=\"container\">\n\t\t\t\t<div class=\"elementor-element elementor-element-dfc7477 elementor-widget elementor-widget-text-editor\" data-id=\"dfc7477\" data-element_type=\"widget\" data-widget_type=\"text-editor.default\">\n\t\t\t\t<div class=\"elementor-widget-container\">\n\t\t\t\t\t\t\t\t\t<p>Alimentation et cancer<\/p>\t\t\t\t\t\t\t\t<\/div>\n\t\t\t\t<\/div>\n\t\t\t\t<div class=\"elementor-element elementor-element-193f5fa elementor-widget elementor-widget-image\" data-id=\"193f5fa\" data-element_type=\"widget\" data-widget_type=\"image.default\">\n\t\t\t\t<div class=\"elementor-widget-container\">\n\t\t\t\t\t\t\t\t\t\t\t\t\t\t\t<img decoding=\"async\" width=\"150\" height=\"150\" src=\"https:\/\/www.maelle-dieteticienne.fr\/wp-content\/uploads\/2025\/02\/Alimentation-et-cancer-150x150.png\" class=\"attachment-thumbnail size-thumbnail wp-image-14709\" alt=\"\" \/>\t\t\t\t\t\t\t\t\t\t\t\t\t\t\t<\/div>\n\t\t\t\t<\/div>\n\t\t\t\t<div class=\"elementor-element elementor-element-f11640b elementor-widget elementor-widget-text-editor\" data-id=\"f11640b\" data-element_type=\"widget\" data-widget_type=\"text-editor.default\">\n\t\t\t\t<div class=\"elementor-widget-container\">\n\t\t\t\t\t\t\t\t\t<ul><li>Post-traitement : partenariat avec la <strong>Ligue contre le Cancer de Clermont-Ferrand (63)<\/strong><\/li><li>Durant les traitements, en compl\u00e9ment du suivi avec votre di\u00e9t\u00e9ticienne hospitali\u00e8re<\/li><\/ul>\t\t\t\t\t\t\t\t<\/div>\n\t\t\t\t<\/div>\n\t\t\t\t<\/div>\n\t\t<div class=\"elementor-element elementor-element-4935d97 e-con-full e-flex e-con e-child\" data-id=\"4935d97\" data-element_type=\"container\">\n\t\t\t\t<div class=\"elementor-element elementor-element-4d7bfdb elementor-widget elementor-widget-text-editor\" data-id=\"4d7bfdb\" data-element_type=\"widget\" data-widget_type=\"text-editor.default\">\n\t\t\t\t<div class=\"elementor-widget-container\">\n\t\t\t\t\t\t\t\t\t<p>Alimentation du s\u00e9nior<\/p>\t\t\t\t\t\t\t\t<\/div>\n\t\t\t\t<\/div>\n\t\t\t\t<div class=\"elementor-element elementor-element-c443d6f elementor-widget elementor-widget-image\" data-id=\"c443d6f\" data-element_type=\"widget\" data-widget_type=\"image.default\">\n\t\t\t\t<div class=\"elementor-widget-container\">\n\t\t\t\t\t\t\t\t\t\t\t\t\t\t\t<img loading=\"lazy\" decoding=\"async\" width=\"150\" height=\"150\" src=\"https:\/\/www.maelle-dieteticienne.fr\/wp-content\/uploads\/2025\/02\/Seniors-150x150.png\" class=\"attachment-thumbnail size-thumbnail wp-image-14713\" alt=\"\" \/>\t\t\t\t\t\t\t\t\t\t\t\t\t\t\t<\/div>\n\t\t\t\t<\/div>\n\t\t\t\t<div class=\"elementor-element elementor-element-d8a9900 elementor-widget elementor-widget-text-editor\" data-id=\"d8a9900\" data-element_type=\"widget\" data-widget_type=\"text-editor.default\">\n\t\t\t\t<div class=\"elementor-widget-container\">\n\t\t\t\t\t\t\t\t\t<p>En situation de fragilit\u00e9\u00a0 :<\/p><ul><li>Avec <strong>vous et votre proche aidant<\/strong><\/li><li>Suite \u00e0 une <strong>hospitalisation<\/strong>, pour r\u00e9tablir votre \u00e9tat nutritionnel (perte de poids&#8230;)<\/li><\/ul><p>Ou pour optimiser votre sant\u00e9 :<\/p><ul><li>Avant ou apr\u00e8s la retraite<\/li><li>En pr\u00e9vention ou suite \u00e0 un diagnostic d&rsquo;ost\u00e9oporose<\/li><\/ul>\t\t\t\t\t\t\t\t<\/div>\n\t\t\t\t<\/div>\n\t\t\t\t<\/div>\n\t\t<div class=\"elementor-element elementor-element-5d40f2e e-con-full e-flex e-con e-child\" data-id=\"5d40f2e\" data-element_type=\"container\">\n\t\t\t\t<div class=\"elementor-element elementor-element-fcae642 elementor-widget elementor-widget-text-editor\" data-id=\"fcae642\" data-element_type=\"widget\" data-widget_type=\"text-editor.default\">\n\t\t\t\t<div class=\"elementor-widget-container\">\n\t\t\t\t\t\t\t\t\t<p>D\u00e9nutrition<\/p>\t\t\t\t\t\t\t\t<\/div>\n\t\t\t\t<\/div>\n\t\t\t\t<div class=\"elementor-element elementor-element-88b3594 elementor-widget elementor-widget-image\" data-id=\"88b3594\" data-element_type=\"widget\" data-widget_type=\"image.default\">\n\t\t\t\t<div class=\"elementor-widget-container\">\n\t\t\t\t\t\t\t\t\t\t\t\t\t\t\t<img loading=\"lazy\" decoding=\"async\" width=\"150\" height=\"150\" src=\"https:\/\/www.maelle-dieteticienne.fr\/wp-content\/uploads\/2025\/02\/Denutrition-150x150.png\" class=\"attachment-thumbnail size-thumbnail wp-image-14714\" alt=\"\" \/>\t\t\t\t\t\t\t\t\t\t\t\t\t\t\t<\/div>\n\t\t\t\t<\/div>\n\t\t\t\t<div class=\"elementor-element elementor-element-8b9db4f elementor-widget elementor-widget-text-editor\" data-id=\"8b9db4f\" data-element_type=\"widget\" data-widget_type=\"text-editor.default\">\n\t\t\t\t<div class=\"elementor-widget-container\">\n\t\t\t\t\t\t\t\t\t<ul><li>En lien avec une <strong>pathologie<\/strong> <strong>chronique<\/strong> (cancer, infection, maldigestion&#8230;)<\/li><li>Suite \u00e0 une <strong>hospitalisation<\/strong><\/li><li>Apr\u00e8s un bilan avec votre <strong>m\u00e9decin<\/strong> (perte de poids, perte d&rsquo;app\u00e9tit&#8230;)<\/li><\/ul>\t\t\t\t\t\t\t\t<\/div>\n\t\t\t\t<\/div>\n\t\t\t\t<\/div>\n\t\t\t\t\t<\/div>\n\t\t\t\t<\/div>\n\t\t<div class=\"elementor-element elementor-element-aade264 e-con-full e-flex e-con e-parent\" data-id=\"aade264\" data-element_type=\"container\">\n\t\t\t\t<div class=\"elementor-element elementor-element-7a3f837 elementor-view-default elementor-widget elementor-widget-icon\" data-id=\"7a3f837\" data-element_type=\"widget\" data-widget_type=\"icon.default\">\n\t\t\t\t<div class=\"elementor-widget-container\">\n\t\t\t\t\t\t\t<div class=\"elementor-icon-wrapper\">\n\t\t\t<div class=\"elementor-icon\">\n\t\t\t<svg aria-hidden=\"true\" class=\"e-font-icon-svg e-fas-parking\" viewBox=\"0 0 448 512\" xmlns=\"http:\/\/www.w3.org\/2000\/svg\"><path d=\"M400 32H48C21.5 32 0 53.5 0 80v352c0 26.5 21.5 48 48 48h352c26.5 0 48-21.5 48-48V80c0-26.5-21.5-48-48-48zM240 320h-48v48c0 8.8-7.2 16-16 16h-32c-8.8 0-16-7.2-16-16V144c0-8.8 7.2-16 16-16h96c52.9 0 96 43.1 96 96s-43.1 96-96 96zm0-128h-48v64h48c17.6 0 32-14.4 32-32s-14.4-32-32-32z\"><\/path><\/svg>\t\t\t<\/div>\n\t\t<\/div>\n\t\t\t\t\t\t<\/div>\n\t\t\t\t<\/div>\n\t\t\t\t<div class=\"elementor-element elementor-element-abc78bc elementor-widget__width-initial elementor-widget-mobile__width-initial elementor-widget elementor-widget-text-editor\" data-id=\"abc78bc\" data-element_type=\"widget\" data-widget_type=\"text-editor.default\">\n\t\t\t\t<div class=\"elementor-widget-container\">\n\t\t\t\t\t\t\t\t\t<p><strong>Parking gratuit<\/strong> devant et autour du cabinet.<\/p><p>Possibilit\u00e9 de se garer au parking du <strong>Parc Pierre Montgoux<\/strong> (5 minutes \u00e0 pied)<\/p>\t\t\t\t\t\t\t\t<\/div>\n\t\t\t\t<\/div>\n\t\t\t\t<\/div>\n\t\t<div class=\"elementor-element elementor-element-02670b2 e-con-full e-flex e-con e-parent\" data-id=\"02670b2\" data-element_type=\"container\" data-settings=\"{&quot;background_background&quot;:&quot;gradient&quot;}\">\n\t\t<div class=\"elementor-element elementor-element-b5b0bce e-con-full e-flex e-con e-child\" data-id=\"b5b0bce\" data-element_type=\"container\">\n\t\t\t\t<div class=\"elementor-element elementor-element-81d5a65 elementor-widget elementor-widget-image\" data-id=\"81d5a65\" data-element_type=\"widget\" data-widget_type=\"image.default\">\n\t\t\t\t<div class=\"elementor-widget-container\">\n\t\t\t\t\t\t\t\t\t\t\t\t\t\t\t<img loading=\"lazy\" decoding=\"async\" width=\"800\" height=\"450\" src=\"https:\/\/www.maelle-dieteticienne.fr\/wp-content\/uploads\/2025\/01\/20250106_103325-1024x576.jpg\" class=\"attachment-large size-large wp-image-14641\" alt=\"\" srcset=\"https:\/\/www.maelle-dieteticienne.fr\/wp-content\/uploads\/2025\/01\/20250106_103325-1024x576.jpg 1024w, https:\/\/www.maelle-dieteticienne.fr\/wp-content\/uploads\/2025\/01\/20250106_103325-300x169.jpg 300w, https:\/\/www.maelle-dieteticienne.fr\/wp-content\/uploads\/2025\/01\/20250106_103325-768x432.jpg 768w, https:\/\/www.maelle-dieteticienne.fr\/wp-content\/uploads\/2025\/01\/20250106_103325-1536x864.jpg 1536w, https:\/\/www.maelle-dieteticienne.fr\/wp-content\/uploads\/2025\/01\/20250106_103325-2048x1152.jpg 2048w\" sizes=\"(max-width: 800px) 100vw, 800px\" \/>\t\t\t\t\t\t\t\t\t\t\t\t\t\t\t<\/div>\n\t\t\t\t<\/div>\n\t\t\t\t<\/div>\n\t\t<div class=\"elementor-element elementor-element-28a4eb8 e-con-full e-flex e-con e-child\" data-id=\"28a4eb8\" data-element_type=\"container\">\n\t\t<div class=\"elementor-element elementor-element-973cbe4 e-con-full e-flex e-con e-child\" data-id=\"973cbe4\" data-element_type=\"container\">\n\t\t\t\t<div class=\"elementor-element elementor-element-4ed2e66 elementor-widget__width-initial elementor-widget elementor-widget-google_maps\" data-id=\"4ed2e66\" data-element_type=\"widget\" data-widget_type=\"google_maps.default\">\n\t\t\t\t<div class=\"elementor-widget-container\">\n\t\t\t\t\t\t\t<div class=\"elementor-custom-embed\">\n\t\t\t<iframe loading=\"lazy\"\n\t\t\t\t\tsrc=\"https:\/\/maps.google.com\/maps?q=Amandine%20Matz%2C%20C%C3%A9bazat&#038;t=m&#038;z=10&#038;output=embed&#038;iwloc=near\"\n\t\t\t\t\ttitle=\"Amandine Matz, C\u00e9bazat\"\n\t\t\t\t\taria-label=\"Amandine Matz, C\u00e9bazat\"\n\t\t\t><\/iframe>\n\t\t<\/div>\n\t\t\t\t\t\t<\/div>\n\t\t\t\t<\/div>\n\t\t\t\t<\/div>\n\t\t\t\t<\/div>\n\t\t\t\t<\/div>\n\t\t<div class=\"elementor-element elementor-element-b8ff0ca e-flex e-con-boxed e-con e-parent\" data-id=\"b8ff0ca\" data-element_type=\"container\">\n\t\t\t\t\t<div class=\"e-con-inner\">\n\t\t\t\t\t<\/div>\n\t\t\t\t<\/div>\n\t\t<div class=\"elementor-element elementor-element-4d8883c e-flex e-con-boxed e-con e-parent\" data-id=\"4d8883c\" data-element_type=\"container\">\n\t\t\t\t\t<div class=\"e-con-inner\">\n\t\t\t\t\t<\/div>\n\t\t\t\t<\/div>\n\t\t\t\t<\/div>\n\t\t","protected":false},"excerpt":{"rendered":"<p>Bienvenue, je suis Amandine MATZ, di\u00e9t\u00e9ticienne depuis 2019, install\u00e9e en lib\u00e9ral \u00e0 C\u00e9bazat (63), situ\u00e9 entre Clermont-Ferrand et Riom. Je vous propose une approche bienveillante, en travaillant sur l&rsquo;alimentation et l&rsquo;hygi\u00e8ne de vie. Mon but : Vous accompagner vers vos objectifs, en respectant vos besoins individuels. Mes exp\u00e9riences en milieu hospitalier et en restauration collective [&hellip;]<\/p>\n","protected":false},"author":2,"featured_media":14692,"parent":0,"menu_order":0,"comment_status":"closed","ping_status":"open","template":"","meta":{"footnotes":""},"class_list":["post-31","page","type-page","status-publish","has-post-thumbnail","hentry"],"_links":{"self":[{"href":"https:\/\/www.maelle-dieteticienne.fr\/index.php?rest_route=\/wp\/v2\/pages\/31","targetHints":{"allow":["GET"]}}],"collection":[{"href":"https:\/\/www.maelle-dieteticienne.fr\/index.php?rest_route=\/wp\/v2\/pages"}],"about":[{"href":"https:\/\/www.maelle-dieteticienne.fr\/index.php?rest_route=\/wp\/v2\/types\/page"}],"author":[{"embeddable":true,"href":"https:\/\/www.maelle-dieteticienne.fr\/index.php?rest_route=\/wp\/v2\/users\/2"}],"replies":[{"embeddable":true,"href":"https:\/\/www.maelle-dieteticienne.fr\/index.php?rest_route=%2Fwp%2Fv2%2Fcomments&post=31"}],"version-history":[{"count":182,"href":"https:\/\/www.maelle-dieteticienne.fr\/index.php?rest_route=\/wp\/v2\/pages\/31\/revisions"}],"predecessor-version":[{"id":21329,"href":"https:\/\/www.maelle-dieteticienne.fr\/index.php?rest_route=\/wp\/v2\/pages\/31\/revisions\/21329"}],"wp:featuredmedia":[{"embeddable":true,"href":"https:\/\/www.maelle-dieteticienne.fr\/index.php?rest_route=\/wp\/v2\/media\/14692"}],"wp:attachment":[{"href":"https:\/\/www.maelle-dieteticienne.fr\/index.php?rest_route=%2Fwp%2Fv2%2Fmedia&parent=31"}],"curies":[{"name":"wp","href":"https:\/\/api.w.org\/{rel}","templated":true}]}}